{"id":1204,"date":"2023-01-26T13:02:00","date_gmt":"2023-01-26T13:02:00","guid":{"rendered":"https:\/\/konosbcn.com\/politica-de-privacitat\/"},"modified":"2023-06-20T20:19:40","modified_gmt":"2023-06-20T20:19:40","slug":"politica-de-privacitat","status":"publish","type":"page","link":"https:\/\/konosbcn.com\/ca\/politica-de-privacitat\/","title":{"rendered":"Pol\u00edtica de privacitat"},"content":{"rendered":"\t\t<div data-elementor-type=\"wp-page\" data-elementor-id=\"1204\" class=\"elementor elementor-1204 elementor-3\" data-elementor-post-type=\"page\">\n\t\t\t\t\t\t\t\t\t<section class=\"elementor-section elementor-top-section elementor-element elementor-element-7e6d8d0d elementor-section-boxed elementor-section-height-default elementor-section-height-default tf-sticky-section tf-sticky-no\" data-id=\"7e6d8d0d\" data-element_type=\"section\" data-settings=\"{&quot;tf_sticky&quot;:&quot;no&quot;}\">\n\t\t\t\t\t\t<div class=\"elementor-container elementor-column-gap-default\">\n\t\t\t\t\t<div class=\"elementor-column elementor-col-100 elementor-top-column elementor-element elementor-element-712d3e64\" data-id=\"712d3e64\" data-element_type=\"column\">\n\t\t\t<div class=\"elementor-widget-wrap elementor-element-populated\">\n\t\t\t\t\t\t\t\t<div class=\"elementor-element elementor-element-7ca9d522 elementor-widget__width-initial elementor-widget elementor-widget-text-editor\" data-id=\"7ca9d522\" data-element_type=\"widget\" id=\"content-politica-privacidad\" data-widget_type=\"text-editor.default\">\n\t\t\t\t<div class=\"elementor-widget-container\">\n\t\t\t<style>\/*! elementor - v3.17.0 - 08-11-2023 *\/\n.elementor-widget-text-editor.elementor-drop-cap-view-stacked .elementor-drop-cap{background-color:#69727d;color:#fff}.elementor-widget-text-editor.elementor-drop-cap-view-framed .elementor-drop-cap{color:#69727d;border:3px solid;background-color:transparent}.elementor-widget-text-editor:not(.elementor-drop-cap-view-default) .elementor-drop-cap{margin-top:8px}.elementor-widget-text-editor:not(.elementor-drop-cap-view-default) .elementor-drop-cap-letter{width:1em;height:1em}.elementor-widget-text-editor .elementor-drop-cap{float:left;text-align:center;line-height:1;font-size:50px}.elementor-widget-text-editor .elementor-drop-cap-letter{display:inline-block}<\/style>\t\t\t\t<h2>1.- DRET D&#8217;INFORMACI\u00d3<\/h2>\n<p>D&#8217;acord amb all\u00f2 establert a l&#8217;article 11 de la Llei Org\u00e0nica 3\/2018, de 5 de desembre, de Protecci\u00f3 de Dades Personals i garantia dels drets digitals (d&#8217;ara endavant LOPDGDD) i l&#8217;article 13 del Reglament General de Protecci\u00f3 de Dades 2016 \/679 (RGPD), us informem del seg\u00fcent:<\/p>\n<h3>1.1.- Identificaci\u00f3 de responsables:<\/h3>\n<p>DANIEL GONZALEZ RODRIGUEZ, amb NIF 38460060N i domicili a Avenir, 1 baixos <span style=\"color: var( --e-global-color-primary );\">08006<\/span><span style=\"color: var( --e-global-color-primary );\"> Barcelona<\/span><span style=\"color: var( --e-global-color-primary );\">, \u00e9s la responsable del fitxer i es compromet a respectar la confidencialitat de la vostra informaci\u00f3 de car\u00e0cter personal ia garantir l&#8217;exercici dels vostres drets d&#8217;acc\u00e9s, rectificaci\u00f3, cancel\u00b7laci\u00f3 i oposici\u00f3. Per exercir aquests drets, podeu enviar una carta a l&#8217;adre\u00e7a indicada anteriorment, especificant el dret que exerceix, identificant-vos adequadament amb el vostre nom, cognoms i domicili a efectes de notificacions, i adjuntant fotoc\u00f2pia del Document d&#8217;Identitat o passaport. El tel\u00e8fon de contacte \u00e9s <\/span><a href=\"tel:+34%2093%20474%2024%2033\">93 474 24 33<\/a><span style=\"color: var( --e-global-color-primary );\"> y la direcci\u00f3n de correo electr\u00f3nico es <\/span><a href=\"mailto:info@konosbcn.com%20\">info@konosbcn.com<\/a><span style=\"color: var( --e-global-color-primary );\">.<\/span><\/p>\n<h3>1.2.- Finalitat del tractament de les dades i base jur\u00eddica<\/h3>\n<h4>1.2.1.- Finalitat general<\/h4>\n<p>Les dades que ens proporcionin a trav\u00e9s dels formularis que trobaran a la web, les que ens envi\u00efn a la nostra adre\u00e7a de correu electr\u00f2nic i les que puguin generar-se durant la seva relaci\u00f3 amb el responsable del tractament s&#8217;incorporaran, tal com ens les cedeixin, a una base de dades titularitat del responsable del tractament.<\/p>\n<p>Utilitzarem les dades per prestar-los els serveis que ens sol\u00b7licitin i per enviar-los informaci\u00f3 sobre les nostres activitats per correu electr\u00f2nic o adre\u00e7a postal.<\/p>\n<p>La base jur\u00eddica daquest tractament ser\u00e0 la relaci\u00f3 contractual que mantinguin amb el responsable del tractament i el consentiment que atorguin en acceptar aquest av\u00eds.<\/p>\n<h4>1.2.2.- Tractament d&#8217;imatges.<\/h4>\n<p>El responsable del tractament documenta els esdeveniments de car\u00e0cter p\u00fablic que organitza amb fotografies i v\u00eddeos amb la finalitat de difondre&#8217;ls a la seva web o altres espais de difusi\u00f3 p\u00fablica d&#8217;informaci\u00f3, com ara la pr\u00f2pia web, les xarxes socials on el responsable del tractament disposi de perfil creat i publicacions pr\u00f2pies o en premsa.<\/p>\n<p>203 \/ 5.000 Resultados de traducci\u00f3n Resultado de traducci\u00f3n El tractament d\u201faquestes imatges est\u00e0 legitimat amb el consentiment dels afectats o en aplicaci\u00f3 de l&#8217;article 8 de la LO 1\/1982 de protecci\u00f3 del dret a l&#8217;honor, la intimitat i la pr\u00f2pia imatge.<\/p>\n<h4>1.3.- Categories de destinataris.<\/h4>\n<p>Per complir les anteriors finalitats, tindran acc\u00e9s a les seves dades:<\/p>\n<p>El personal degudament autoritzat pel responsable del tractament. Els prove\u00efdors necessaris per complir les obligacions.<\/p>\n<h4>1.4.- Transfer\u00e8ncia internacional de dades.<\/h4>\n<p>166 \/ 5.000 Resultados de traducci\u00f3n Resultado de traducci\u00f3n El responsable del tractament utilitza les xarxes socials que figuren anunciades a la web, cosa que pot implicar transfer\u00e8ncies de dades fora de l&#8217;espai Schengen.<\/p>\n<h4>1.5.- Pla\u00e7 de conservaci\u00f3 de la informaci\u00f3.<\/h4>\n<p>El responsable del tractament conservar\u00e0 la seva informaci\u00f3 mentre no revoqui el consentiment atorgat en acceptar aquesta cl\u00e0usula.<\/p>\n<h4>1.6.- Drets com afectat.<\/h4>\n<p>Teniu dret a accedir, rectificar, suprimir, oposar-vos al tractament de les vostres dades, limitar el tractament, sol\u00b7licitar la portabilitat de les dades, no ser objecte de decisions individuals automatitzades i revocar el consentiment atorgat.<\/p>\n<p>Per exercir aquests drets, podeu adre\u00e7ar-vos per escrit a les adreces del responsable del tractament que figuren en aquesta pol\u00edtica, o enviar un correu electr\u00f2nic a l&#8217;adre\u00e7a <a href=\"mailto:info@konosbcn.com%20\">info@konosbcn.com<\/a> amb el text &#8220;PROTECCI\u00d3 DE DADES&#8221; a l&#8217;assumpte.<\/p>\n<h4>1.7.- Dret de reclamaci\u00f3.<\/h4>\n<p>L&#8217;organisme competent per con\u00e8ixer de la correcta aplicaci\u00f3 de les normes sobre tractament de la informaci\u00f3 \u00e9s l&#8217;Autoritat Espanyola de Protecci\u00f3 de Dades, amb domicili al Carrer Jorge Juan n\u00fam. 6 de Madrid.<\/p>\n<h4>1.8.- Obligacions de l&#8217;afectat.<\/h4>\n<p>L&#8217;afectat ha de proporcionar informaci\u00f3 vera\u00e7 i actualitzada en tots els processos de recopilaci\u00f3 de dades, ell \u00e9s l&#8217;\u00fanic responsable de la vulneraci\u00f3 d&#8217;aquesta obligaci\u00f3.<\/p>\n<p>Als formularis de recopilaci\u00f3 de dades estan marcades les dades que s\u00f3n obligat\u00f2ries proporcionar, segons la demanda que faci l&#8217;afectat. La manca d&#8217;aportaci\u00f3 d\u201faquestes dades pot suposar la impossibilitat de participar en l&#8217;activitat o proporcionar el servei sol\u00b7licitat.<\/p>\n<h2>2.- CONSENTIMENT DE L&#8217;USUARI<\/h2>\n<p>L&#8217;usuari garanteix que les dades personals proporcionades s\u00f3n vertaderes i exactes, i es compromet a notificar-ne qualsevol canvi o modificaci\u00f3. Qualsevol dany o perjudici causat per la comunicaci\u00f3 d&#8217;informaci\u00f3 err\u00f2nia, inexacta o incompleta als formularis de registre ser\u00e0 responsabilitat exclusiva de l&#8217;usuari.<\/p>\n<p>S&#8217;ent\u00e9n que l&#8217;usuari accepta les condicions establertes si premeu el bot\u00f3 &#8216;ACCEPTAR&#8217; que es troba a tots els formularis de recopilaci\u00f3 de dades, o si envia un missatge per correu electr\u00f2nic a les adreces de contacte que figuren a la web.<\/p>\n<p>Les dades personals s&#8217;emmagatzemen a la base de dades general d&#8217;administraci\u00f3 del responsable del tractament que, en tot cas, garanteix les mesures t\u00e8cniques i organitzatives per preservar la integritat i la seguretat de la informaci\u00f3 que tracta.<\/p>\n<h2>3.- SEGURETAT<\/h2>\n<p>La base de dades general est\u00e0 dotada del preceptiu document de seguretat i disposa de tots els mitjans t\u00e8cnics al vostre abast per evitar la p\u00e8rdua, mal \u00fas, alteraci\u00f3, acc\u00e9s no autoritzat o robatori de les dades que ens proporcionin. El tractament de les dades personals s&#8217;ajusta a les disposicions de la Llei Org\u00e0nica 3\/2018 de protecci\u00f3 de dades i garantia dels drets digitals i el Reglament (UE) 2016\/679 del Parlament Europeu i del Consell, del 27 d&#8217;abril del 2016.<\/p>\n<h2>4.- \u00daS DE DIRECCIONS IP<\/h2>\n<p>Per facilitar la cerca de recursos que creiem que s\u00f3n del vostre inter\u00e8s, podeu trobar en aquesta web enlla\u00e7os a altres p\u00e0gines.<\/p>\n<p>Aquesta pol\u00edtica de privadesa nom\u00e9s \u00e9s aplicable a aquesta web. El responsable del tractament no garanteix el compliment d&#8217;aquesta pol\u00edtica a altres webs, ni es fa responsable dels accessos mitjan\u00e7ant enlla\u00e7os des d&#8217;aquest lloc.<\/p>\n\t\t\t\t\t\t<\/div>\n\t\t\t\t<\/div>\n\t\t\t\t\t<\/div>\n\t\t<\/div>\n\t\t\t\t\t\t\t<\/div>\n\t\t<\/section>\n\t\t\t\t\t\t\t<\/div>\n\t\t","protected":false},"excerpt":{"rendered":"<p>1.- DRET D&#8217;INFORMACI\u00d3 D&#8217;acord amb all\u00f2 establert a l&#8217;article 11 de la Llei Org\u00e0nica 3\/2018, de 5 de desembre, de Protecci\u00f3 de Dades Personals i garantia dels drets digitals (d&#8217;ara endavant LOPDGDD) i l&#8217;article 13 del Reglament General de Protecci\u00f3 de Dades 2016 \/679 (RGPD), us informem del seg\u00fcent: 1.1.- Identificaci\u00f3 de responsables: DANIEL GONZALEZ &#8230; <a title=\"Pol\u00edtica de privacitat\" class=\"read-more\" href=\"https:\/\/konosbcn.com\/ca\/politica-de-privacitat\/\" aria-label=\"More on Pol\u00edtica de privacitat\">Read more<\/a><\/p>\n","protected":false},"author":1,"featured_media":0,"parent":0,"menu_order":0,"comment_status":"closed","ping_status":"closed","template":"","meta":{"_mi_skip_tracking":false,"_monsterinsights_sitenote_active":false,"_monsterinsights_sitenote_note":"","_monsterinsights_sitenote_category":0,"footnotes":""},"yoast_head":"<!-- This site is optimized with the Yoast SEO plugin v21.5 - https:\/\/yoast.com\/wordpress\/plugins\/seo\/ -->\n<title>Obt\u00e9n m\u00e9s informaci\u00f3 sobre com gestionem les galetes i la seva import\u00e0ncia en la creaci\u00f3 d&#039;espais excepcionals.<\/title>\n<meta name=\"description\" content=\"Consulta la nostra pol\u00edtica de privadesa per a projectes d&#039;interiorisme a Barcelona. A Konos Interiorisme, ens comprometem a protegir les teves dades personals i garantir la teva confidencialitat. A Konos Interiorisme, ens comprometem a protegir les teves dades personals i garantir la teva confidencialitat. La teva tranquil\u00b7litat \u00e9s la nostra prioritat!\" \/>\n<meta name=\"robots\" content=\"index, follow, max-snippet:-1, max-image-preview:large, max-video-preview:-1\" \/>\n<link rel=\"canonical\" href=\"https:\/\/konosbcn.com\/ca\/politica-de-privacitat\/\" \/>\n<meta property=\"og:locale\" content=\"ca_ES\" \/>\n<meta property=\"og:type\" content=\"article\" \/>\n<meta property=\"og:title\" content=\"Obt\u00e9n m\u00e9s informaci\u00f3 sobre com gestionem les galetes i la seva import\u00e0ncia en la creaci\u00f3 d&#039;espais excepcionals.\" \/>\n<meta property=\"og:description\" content=\"Consulta la nostra pol\u00edtica de privadesa per a projectes d&#039;interiorisme a Barcelona. A Konos Interiorisme, ens comprometem a protegir les teves dades personals i garantir la teva confidencialitat. A Konos Interiorisme, ens comprometem a protegir les teves dades personals i garantir la teva confidencialitat. La teva tranquil\u00b7litat \u00e9s la nostra prioritat!\" \/>\n<meta property=\"og:url\" content=\"https:\/\/konosbcn.com\/ca\/politica-de-privacitat\/\" \/>\n<meta property=\"og:site_name\" content=\"Konos Interiorisme\" \/>\n<meta property=\"article:modified_time\" content=\"2023-06-20T20:19:40+00:00\" \/>\n<meta name=\"twitter:card\" content=\"summary_large_image\" \/>\n<meta name=\"twitter:label1\" content=\"Temps estimat de lectura\" \/>\n\t<meta name=\"twitter:data1\" content=\"5 minuts\" \/>\n<script type=\"application\/ld+json\" class=\"yoast-schema-graph\">{\"@context\":\"https:\/\/schema.org\",\"@graph\":[{\"@type\":\"WebPage\",\"@id\":\"https:\/\/konosbcn.com\/ca\/politica-de-privacitat\/\",\"url\":\"https:\/\/konosbcn.com\/ca\/politica-de-privacitat\/\",\"name\":\"Obt\u00e9n m\u00e9s informaci\u00f3 sobre com gestionem les galetes i la seva import\u00e0ncia en la creaci\u00f3 d'espais excepcionals.\",\"isPartOf\":{\"@id\":\"https:\/\/konosbcn.com\/ca\/#website\"},\"datePublished\":\"2023-01-26T13:02:00+00:00\",\"dateModified\":\"2023-06-20T20:19:40+00:00\",\"description\":\"Consulta la nostra pol\u00edtica de privadesa per a projectes d'interiorisme a Barcelona. A Konos Interiorisme, ens comprometem a protegir les teves dades personals i garantir la teva confidencialitat. A Konos Interiorisme, ens comprometem a protegir les teves dades personals i garantir la teva confidencialitat. La teva tranquil\u00b7litat \u00e9s la nostra prioritat!\",\"breadcrumb\":{\"@id\":\"https:\/\/konosbcn.com\/ca\/politica-de-privacitat\/#breadcrumb\"},\"inLanguage\":\"ca\",\"potentialAction\":[{\"@type\":\"ReadAction\",\"target\":[\"https:\/\/konosbcn.com\/ca\/politica-de-privacitat\/\"]}]},{\"@type\":\"BreadcrumbList\",\"@id\":\"https:\/\/konosbcn.com\/ca\/politica-de-privacitat\/#breadcrumb\",\"itemListElement\":[{\"@type\":\"ListItem\",\"position\":1,\"name\":\"Portada\",\"item\":\"https:\/\/konosbcn.com\/ca\/home\/\"},{\"@type\":\"ListItem\",\"position\":2,\"name\":\"Pol\u00edtica de privacitat\"}]},{\"@type\":\"WebSite\",\"@id\":\"https:\/\/konosbcn.com\/ca\/#website\",\"url\":\"https:\/\/konosbcn.com\/ca\/\",\"name\":\"Konos Interiorisme\",\"description\":\"\",\"publisher\":{\"@id\":\"https:\/\/konosbcn.com\/ca\/#organization\"},\"potentialAction\":[{\"@type\":\"SearchAction\",\"target\":{\"@type\":\"EntryPoint\",\"urlTemplate\":\"https:\/\/konosbcn.com\/ca\/?s={search_term_string}\"},\"query-input\":\"required name=search_term_string\"}],\"inLanguage\":\"ca\"},{\"@type\":\"Organization\",\"@id\":\"https:\/\/konosbcn.com\/ca\/#organization\",\"name\":\"Konos Interiorisme\",\"url\":\"https:\/\/konosbcn.com\/ca\/\",\"logo\":{\"@type\":\"ImageObject\",\"inLanguage\":\"ca\",\"@id\":\"https:\/\/konosbcn.com\/ca\/#\/schema\/logo\/image\/\",\"url\":\"https:\/\/konosbcn.com\/wp-content\/uploads\/2023\/02\/konos-logo-1.jpg\",\"contentUrl\":\"https:\/\/konosbcn.com\/wp-content\/uploads\/2023\/02\/konos-logo-1.jpg\",\"width\":480,\"height\":183,\"caption\":\"Konos Interiorisme\"},\"image\":{\"@id\":\"https:\/\/konosbcn.com\/ca\/#\/schema\/logo\/image\/\"}}]}<\/script>\n<!-- \/ Yoast SEO plugin. -->","yoast_head_json":{"title":"Obt\u00e9n m\u00e9s informaci\u00f3 sobre com gestionem les galetes i la seva import\u00e0ncia en la creaci\u00f3 d'espais excepcionals.","description":"Consulta la nostra pol\u00edtica de privadesa per a projectes d'interiorisme a Barcelona. A Konos Interiorisme, ens comprometem a protegir les teves dades personals i garantir la teva confidencialitat. A Konos Interiorisme, ens comprometem a protegir les teves dades personals i garantir la teva confidencialitat. La teva tranquil\u00b7litat \u00e9s la nostra prioritat!","robots":{"index":"index","follow":"follow","max-snippet":"max-snippet:-1","max-image-preview":"max-image-preview:large","max-video-preview":"max-video-preview:-1"},"canonical":"https:\/\/konosbcn.com\/ca\/politica-de-privacitat\/","og_locale":"ca_ES","og_type":"article","og_title":"Obt\u00e9n m\u00e9s informaci\u00f3 sobre com gestionem les galetes i la seva import\u00e0ncia en la creaci\u00f3 d'espais excepcionals.","og_description":"Consulta la nostra pol\u00edtica de privadesa per a projectes d'interiorisme a Barcelona. A Konos Interiorisme, ens comprometem a protegir les teves dades personals i garantir la teva confidencialitat. A Konos Interiorisme, ens comprometem a protegir les teves dades personals i garantir la teva confidencialitat. La teva tranquil\u00b7litat \u00e9s la nostra prioritat!","og_url":"https:\/\/konosbcn.com\/ca\/politica-de-privacitat\/","og_site_name":"Konos Interiorisme","article_modified_time":"2023-06-20T20:19:40+00:00","twitter_card":"summary_large_image","twitter_misc":{"Temps estimat de lectura":"5 minuts"},"schema":{"@context":"https:\/\/schema.org","@graph":[{"@type":"WebPage","@id":"https:\/\/konosbcn.com\/ca\/politica-de-privacitat\/","url":"https:\/\/konosbcn.com\/ca\/politica-de-privacitat\/","name":"Obt\u00e9n m\u00e9s informaci\u00f3 sobre com gestionem les galetes i la seva import\u00e0ncia en la creaci\u00f3 d'espais excepcionals.","isPartOf":{"@id":"https:\/\/konosbcn.com\/ca\/#website"},"datePublished":"2023-01-26T13:02:00+00:00","dateModified":"2023-06-20T20:19:40+00:00","description":"Consulta la nostra pol\u00edtica de privadesa per a projectes d'interiorisme a Barcelona. A Konos Interiorisme, ens comprometem a protegir les teves dades personals i garantir la teva confidencialitat. A Konos Interiorisme, ens comprometem a protegir les teves dades personals i garantir la teva confidencialitat. La teva tranquil\u00b7litat \u00e9s la nostra prioritat!","breadcrumb":{"@id":"https:\/\/konosbcn.com\/ca\/politica-de-privacitat\/#breadcrumb"},"inLanguage":"ca","potentialAction":[{"@type":"ReadAction","target":["https:\/\/konosbcn.com\/ca\/politica-de-privacitat\/"]}]},{"@type":"BreadcrumbList","@id":"https:\/\/konosbcn.com\/ca\/politica-de-privacitat\/#breadcrumb","itemListElement":[{"@type":"ListItem","position":1,"name":"Portada","item":"https:\/\/konosbcn.com\/ca\/home\/"},{"@type":"ListItem","position":2,"name":"Pol\u00edtica de privacitat"}]},{"@type":"WebSite","@id":"https:\/\/konosbcn.com\/ca\/#website","url":"https:\/\/konosbcn.com\/ca\/","name":"Konos Interiorisme","description":"","publisher":{"@id":"https:\/\/konosbcn.com\/ca\/#organization"},"potentialAction":[{"@type":"SearchAction","target":{"@type":"EntryPoint","urlTemplate":"https:\/\/konosbcn.com\/ca\/?s={search_term_string}"},"query-input":"required name=search_term_string"}],"inLanguage":"ca"},{"@type":"Organization","@id":"https:\/\/konosbcn.com\/ca\/#organization","name":"Konos Interiorisme","url":"https:\/\/konosbcn.com\/ca\/","logo":{"@type":"ImageObject","inLanguage":"ca","@id":"https:\/\/konosbcn.com\/ca\/#\/schema\/logo\/image\/","url":"https:\/\/konosbcn.com\/wp-content\/uploads\/2023\/02\/konos-logo-1.jpg","contentUrl":"https:\/\/konosbcn.com\/wp-content\/uploads\/2023\/02\/konos-logo-1.jpg","width":480,"height":183,"caption":"Konos Interiorisme"},"image":{"@id":"https:\/\/konosbcn.com\/ca\/#\/schema\/logo\/image\/"}}]}},"_links":{"self":[{"href":"https:\/\/konosbcn.com\/ca\/wp-json\/wp\/v2\/pages\/1204"}],"collection":[{"href":"https:\/\/konosbcn.com\/ca\/wp-json\/wp\/v2\/pages"}],"about":[{"href":"https:\/\/konosbcn.com\/ca\/wp-json\/wp\/v2\/types\/page"}],"author":[{"embeddable":true,"href":"https:\/\/konosbcn.com\/ca\/wp-json\/wp\/v2\/users\/1"}],"replies":[{"embeddable":true,"href":"https:\/\/konosbcn.com\/ca\/wp-json\/wp\/v2\/comments?post=1204"}],"version-history":[{"count":0,"href":"https:\/\/konosbcn.com\/ca\/wp-json\/wp\/v2\/pages\/1204\/revisions"}],"wp:attachment":[{"href":"https:\/\/konosbcn.com\/ca\/wp-json\/wp\/v2\/media?parent=1204"}],"curies":[{"name":"wp","href":"https:\/\/api.w.org\/{rel}","templated":true}]}}